{"id":522,"date":"2024-10-20T14:24:57","date_gmt":"2024-10-20T12:24:57","guid":{"rendered":"https:\/\/asbl-ombrage.be\/?page_id=522"},"modified":"2026-02-25T12:01:25","modified_gmt":"2026-02-25T11:01:25","slug":"module-de-base-cannabis","status":"publish","type":"page","link":"https:\/\/asbl-ombrage.be\/?page_id=522","title":{"rendered":"Module de base \u00ab\u00a0cannabis\u00a0\u00bb"},"content":{"rendered":"\n<p>Ce module de base vise \u00e0 sensibiliser les professionnels \u00e0 l\u2019usage du cannabis, du THC, du CBD et de leurs d\u00e9riv\u00e9s, en offrant une compr\u00e9hension globale des produits,<br>de leurs effets et des risques associ\u00e9s. Au-del\u00e0 de la pr\u00e9sentation des substances, la formation s\u2019appuie \u00e9galement sur des avis d\u2019experts afin d\u2019apporter un \u00e9clairage actualis\u00e9 et nuanc\u00e9 sur ces usages. Elle se veut dynamique, participative et non jugeant, favorisant l\u2019expression et l\u2019analyse des pratiques professionnelles.<\/p>\n\n\n\n<p><br>Nous proposons \u00e9galement un regard crois\u00e9 avec l\u2019exp\u00e9rience d\u2019usagers, afin de mieux comprendre leurs r\u00e9alit\u00e9s, leurs motivations et leurs besoins. Dans ce cadre, nous aborderons notamment : comment entrer en relation avec la personne consommatrice ; comment aborder le sujet de mani\u00e8re respectueuse et adapt\u00e9e ; quelles pistes d\u2019accompagnement proposer, qu\u2019il s\u2019agisse d\u2019un objectif d\u2019abstinence ou de r\u00e9duction des risques ; quelle posture adopter en tant que professionnel face \u00e0 ces prises en charge.<\/p>\n\n\n\n<p><br>La formation rappellera les messages essentiels en mati\u00e8re de r\u00e9duction des risques, tout en pr\u00e9sentant les services et ressources d\u2019aide et de soins disponibles sur le<br>territoire Li\u00e8ge \/ Huy-Waremme.<\/p>\n\n\n\n<p><\/p>\n\n\n\n<p>Enfin, chaque module inclut une animation pratique, et celui-ci se cl\u00f4turera par un atelier r\u00e9flexif autour d\u2019une situation concr\u00e8te, afin de renforcer les apprentissages et<br>de soutenir leur application sur le terrain.<\/p>\n\n\n\n<h2 class=\"wp-block-heading\">En pratique<\/h2>\n\n\n\n<p>Date: 29\/06\/2026 de 9h30 \u00e0 16h<\/p>\n\n\n\n<p><strong>Lieu&nbsp;:<\/strong>&nbsp;dans les locaux de l&rsquo;ASBL Ombrage,&nbsp;<a href=\"https:\/\/www.google.com\/maps\/search\/6+rue+de+Tirlemont+%C3%A0+4280+Hannut?entry=gmail&amp;source=g\" target=\"_blank\" rel=\"noreferrer noopener\">6 rue de Tirlemont \u00e0 4280 Hannut<\/a>.&nbsp;<\/p>\n\n\n\n<p><\/p>\n\n\n\n<p><\/p>\n","protected":false},"excerpt":{"rendered":"<p>Ce module de base vise \u00e0 sensibiliser les professionnels \u00e0 l\u2019usage du cannabis, du THC, du CBD et de leurs d\u00e9riv\u00e9s, en offrant une compr\u00e9hension globale des produits,de leurs effets et des risques associ\u00e9s. Au-del\u00e0 de la pr\u00e9sentation des substances, la formation s\u2019appuie \u00e9galement sur&#8230;<\/p>\n","protected":false},"author":6,"featured_media":0,"parent":0,"menu_order":0,"comment_status":"closed","ping_status":"closed","template":"","meta":{"footnotes":""},"class_list":["post-522","page","type-page","status-publish","hentry"],"_links":{"self":[{"href":"https:\/\/asbl-ombrage.be\/index.php?rest_route=\/wp\/v2\/pages\/522","targetHints":{"allow":["GET"]}}],"collection":[{"href":"https:\/\/asbl-ombrage.be\/index.php?rest_route=\/wp\/v2\/pages"}],"about":[{"href":"https:\/\/asbl-ombrage.be\/index.php?rest_route=\/wp\/v2\/types\/page"}],"author":[{"embeddable":true,"href":"https:\/\/asbl-ombrage.be\/index.php?rest_route=\/wp\/v2\/users\/6"}],"replies":[{"embeddable":true,"href":"https:\/\/asbl-ombrage.be\/index.php?rest_route=%2Fwp%2Fv2%2Fcomments&post=522"}],"version-history":[{"count":8,"href":"https:\/\/asbl-ombrage.be\/index.php?rest_route=\/wp\/v2\/pages\/522\/revisions"}],"predecessor-version":[{"id":784,"href":"https:\/\/asbl-ombrage.be\/index.php?rest_route=\/wp\/v2\/pages\/522\/revisions\/784"}],"wp:attachment":[{"href":"https:\/\/asbl-ombrage.be\/index.php?rest_route=%2Fwp%2Fv2%2Fmedia&parent=522"}],"curies":[{"name":"wp","href":"https:\/\/api.w.org\/{rel}","templated":true}]}}